{"version":"1.0","provider_name":"SalaStampa.eu","provider_url":"https:\/\/salastampa.eu\/news","author_name":"World Press Service - Servicio de Prensa Mundial","author_url":"https:\/\/salastampa.eu\/news\/author\/rubines\/","title":"Cuba: crise \u00e9nerg\u00e9tique - SalaStampa.eu","type":"rich","width":600,"height":338,"html":"<blockquote class=\"wp-embedded-content\" data-secret=\"udGcJ5iu6c\"><a href=\"https:\/\/salastampa.eu\/news\/2026\/03\/09\/cuba-crise-energetique\/\">Cuba: crise \u00e9nerg\u00e9tique<\/a><\/blockquote><iframe sandbox=\"allow-scripts\" security=\"restricted\" src=\"https:\/\/salastampa.eu\/news\/2026\/03\/09\/cuba-crise-energetique\/embed\/#?secret=udGcJ5iu6c\" width=\"600\" height=\"338\" title=\"&#8220;Cuba: crise \u00e9nerg\u00e9tique&#8221; &#8212; SalaStampa.eu\" data-secret=\"udGcJ5iu6c\" frameborder=\"0\" marginwidth=\"0\" marginheight=\"0\" scrolling=\"no\" class=\"wp-embedded-content\"><\/iframe><script type=\"text\/javascript\">\n\/* <![CDATA[ *\/\n\/*! This file is auto-generated *\/\n!function(d,l){\"use strict\";l.querySelector&&d.addEventListener&&\"undefined\"!=typeof URL&&(d.wp=d.wp||{},d.wp.receiveEmbedMessage||(d.wp.receiveEmbedMessage=function(e){var t=e.data;if((t||t.secret||t.message||t.value)&&!\/[^a-zA-Z0-9]\/.test(t.secret)){for(var s,r,n,a=l.querySelectorAll('iframe[data-secret=\"'+t.secret+'\"]'),o=l.querySelectorAll('blockquote[data-secret=\"'+t.secret+'\"]'),c=new RegExp(\"^https?:$\",\"i\"),i=0;i<o.length;i++)o[i].style.display=\"none\";for(i=0;i<a.length;i++)s=a[i],e.source===s.contentWindow&&(s.removeAttribute(\"style\"),\"height\"===t.message?(1e3<(r=parseInt(t.value,10))?r=1e3:~~r<200&&(r=200),s.height=r):\"link\"===t.message&&(r=new URL(s.getAttribute(\"src\")),n=new URL(t.value),c.test(n.protocol))&&n.host===r.host&&l.activeElement===s&&(d.top.location.href=t.value))}},d.addEventListener(\"message\",d.wp.receiveEmbedMessage,!1),l.addEventListener(\"DOMContentLoaded\",function(){for(var e,t,s=l.querySelectorAll(\"iframe.wp-embedded-content\"),r=0;r<s.length;r++)(t=(e=s[r]).getAttribute(\"data-secret\"))||(t=Math.random().toString(36).substring(2,12),e.src+=\"#?secret=\"+t,e.setAttribute(\"data-secret\",t)),e.contentWindow.postMessage({message:\"ready\",secret:t},\"*\")},!1)))}(window,document);\n\/\/# sourceURL=https:\/\/salastampa.eu\/news\/wp-includes\/js\/wp-embed.min.js\n\/* ]]> *\/\n<\/script>\n","thumbnail_url":"https:\/\/salastampa.eu\/news\/wp-content\/uploads\/2026\/03\/snapshot-2026-03-10T00_00_00Z.jpg","thumbnail_width":400,"thumbnail_height":400,"description":"Dans un contexte d\u2019aggravation de la crise \u00e9nerg\u00e9tique nationale, plusieurs prisons cubaines restent priv\u00e9es d\u2019\u00e9lectricit\u00e9 pendant de longues p\u00e9riodes, avec des communications limit\u00e9es et des conditions de d\u00e9tention de plus en plus pr\u00e9caires."}